{"id":8506,"date":"2023-11-04T01:14:45","date_gmt":"2023-11-04T01:14:45","guid":{"rendered":"https:\/\/www.maisonkaina.com\/?post_type=product&#038;p=8506"},"modified":"2024-01-03T01:17:20","modified_gmt":"2024-01-03T01:17:20","slug":"table-basse-onda-vagues","status":"publish","type":"product","link":"https:\/\/www.maisonkaina.com\/en\/product\/table-basse-onda-vagues\/","title":{"rendered":"Table Basse Onda Vagues"},"content":{"rendered":"<p>Une table en rotin \u00e0 la forme g\u00e9n\u00e9reuse et ondul\u00e9e, \u00e9voquant une atmosph\u00e8re chaleureuse et accueillante. Cette table faite \u00e0 la main est parfaitement adapt\u00e9e pour \u00eatre utilis\u00e9e comme table de salon ou pour embellir vos patios et jardins pendant la saison estivale. Les pieds de style Tatoui s&rsquo;inspirent du design marocain, ajoutant une touche distinctive \u00e0 l&rsquo;ensemble.<\/p>\n<p>&nbsp;<\/p>\n<p>Vous pouvez choisir parmi trois couleurs de finition : naturel clair, miel ou brun fonc\u00e9. Les dimensions de la table sont les suivantes : hauteur de 45 cm, plateau de 127 x 76 cm, offrant une taille id\u00e9ale pour diverses utilisations. Un vernis incolore est appliqu\u00e9 pour assurer la protection de la table.<\/p>\n<p>&nbsp;<\/p>\n<p>Chaque table est fabriqu\u00e9e de mani\u00e8re unique, ce qui entra\u00eene un d\u00e9lai de production de quelques semaines. Il est recommand\u00e9 de prot\u00e9ger la table de la pluie pour en assurer la durabilit\u00e9.<\/p>\n<p>&nbsp;<\/p>\n<p>Les photos illustr\u00e9es pr\u00e9sentent la finition en miel dor\u00e9.<\/p>","protected":false},"excerpt":{"rendered":"<p>Une table en rotin \u00e0 la forme g\u00e9n\u00e9reuse et ondul\u00e9e, \u00e9voquant une atmosph\u00e8re chaleureuse et accueillante. Cette table faite \u00e0 la main est parfaitement adapt\u00e9e pour \u00eatre utilis\u00e9e comme table de salon ou pour embellir vos patios et jardins pendant la saison estivale. Les pieds de style Tatoui s&rsquo;inspirent du design marocain, ajoutant une touche [&hellip;]<\/p>","protected":false},"featured_media":8507,"comment_status":"open","ping_status":"closed","template":"","meta":[],"product_cat":[161],"product_tag":[],"class_list":{"0":"post-8506","1":"product","2":"type-product","3":"status-publish","4":"has-post-thumbnail","6":"product_cat-meubles","8":"first","9":"instock","10":"taxable","11":"shipping-taxable","12":"purchasable","13":"product-type-variable"},"jetpack_sharing_enabled":true,"_links":{"self":[{"href":"https:\/\/www.maisonkaina.com\/en\/wp-json\/wp\/v2\/product\/8506","targetHints":{"allow":["GET"]}}],"collection":[{"href":"https:\/\/www.maisonkaina.com\/en\/wp-json\/wp\/v2\/product"}],"about":[{"href":"https:\/\/www.maisonkaina.com\/en\/wp-json\/wp\/v2\/types\/product"}],"replies":[{"embeddable":true,"href":"https:\/\/www.maisonkaina.com\/en\/wp-json\/wp\/v2\/comments?post=8506"}],"wp:featuredmedia":[{"embeddable":true,"href":"https:\/\/www.maisonkaina.com\/en\/wp-json\/wp\/v2\/media\/8507"}],"wp:attachment":[{"href":"https:\/\/www.maisonkaina.com\/en\/wp-json\/wp\/v2\/media?parent=8506"}],"wp:term":[{"taxonomy":"product_cat","embeddable":true,"href":"https:\/\/www.maisonkaina.com\/en\/wp-json\/wp\/v2\/product_cat?post=8506"},{"taxonomy":"product_tag","embeddable":true,"href":"https:\/\/www.maisonkaina.com\/en\/wp-json\/wp\/v2\/product_tag?post=8506"}],"curies":[{"name":"wp","href":"https:\/\/api.w.org\/{rel}","templated":true}]}}